{"id":193,"date":"2019-01-22T14:11:06","date_gmt":"2019-01-22T14:11:06","guid":{"rendered":"http:\/\/communio.pl\/?page_id=193"},"modified":"2021-04-24T12:31:55","modified_gmt":"2021-04-24T12:31:55","slug":"rada-naukowa-communio","status":"publish","type":"page","link":"https:\/\/communio.pl\/?page_id=193","title":{"rendered":"RADA NAUKOWA \/ ADVISORY BOARD COMMUNIO"},"content":{"rendered":"\n<ul><li>Kard. prof. dr hab. Gerhard Ludwig M\u00fcller (Ludwig-Maximilians-Universit\u00e4t M\u00fcnchen, Niemcy &#8211; Watykan),<\/li><li>ks. dr hab. Jaros\u0142aw M. Lipniak (Papieski Wydzia\u0142 Teologiczny we Wroc\u0142awiu, Polska\/Przewodnicz\u0105cy),<\/li><li>prof. dr\u00a0Andr\u00e9s Francisco Di Ci\u00f3 (Facultad de Teolog\u00eda de la UCA &#8211; Villa Devoto &#8211;\u00a0Argentyna),<\/li><li>prof. dr Jan-Heiner T\u00fcck, (Universit\u00e4t Wien, Austria),<\/li><li>prof. dr Ivica Ragu\u017e (Katoli\u010dki bogoslovni fakultet u \u0110akovu,Chorwacja),<\/li><li>prof. dr David Vop\u0159ada (Univerzita Karlova, Czechy),<\/li><li>ks. prof. dr Jean-Robert Armogathe (\u00c9cole Pratique Des Hautes \u00c9tudes, Francja),<\/li><li>prof. dr Christophe Bourgeois (\u00c9cole Normale Sup\u00e9rieure, Francja),<\/li><li>prof. dr Serges Landes (\u00c9cole Normale Sup\u00e9rieure, Francja),<\/li><li>prof. dr\u00a0Filip De Rycke\u00a0(Sint-Janscentrum 's-Hertogenbosch, Holandia),<\/li><li>bp. prof. dr hab. Andrzej Siemieniewski (Papieski Wydzia\u0142 Teologiczny we Wroc\u0142awiu, Polska),<\/li><li>ks. dr hab. S\u0142awomir Paw\u0142owski (Katolicki Uniwersytet Lubelski, Polska),<\/li><li>ks. prof. dr hab. W\u0142odzimierz Wo\u0142yniec (Papieski Wydzia\u0142 Teologiczny we Wroc\u0142awiu, Polska),<\/li><li>prof. dr Peter Stilwell (University of Saint Joseph, Portugalia),<\/li><li>ks. prof. dr Anton \u0160trukelj (Univerza v Ljubljani, S\u0142owenia),<\/li><li>prof. dr David L. Schindler (University of Notre Dame, USA),<\/li><li>ks. prof. dr Attila Pusk\u00e1s (<a href=\"https:\/\/doktori.hu\/index.php?menuid=190&amp;lang=HU&amp;i_ID=18\">P\u00e1zm\u00e1ny P\u00e9ter Katolikus Egyetem<\/a>, W\u0119gry),<\/li><li>ks. prof. dr Gianfanco Calabrese (Universit\u00e0 di Genova, W\u0142ochy),<\/li><li>ks. prof. dr hab. Bogdan Poni\u017cy (Uniwersytet Adama Mickiewicza w Poznaniu Polska\/Cenzor), <\/li><\/ul>\n","protected":false},"excerpt":{"rendered":"<p>Kard. prof. dr hab. Gerhard Ludwig M\u00fcller (Ludwig-Maximilians-Universit\u00e4t M\u00fcnchen, Niemcy &#8211; Watykan), ks. dr hab. Jaros\u0142aw M. Lipniak (Papieski Wydzia\u0142 Teologiczny we Wroc\u0142awiu, Polska\/Przewodnicz\u0105cy), prof. dr\u00a0Andr\u00e9s Francisco Di Ci\u00f3 (Facultad de Teolog\u00eda de la UCA &#8211; Villa Devoto &#8211;\u00a0Argentyna), prof. dr Jan-Heiner T\u00fcck, (Universit\u00e4t Wien, Austria), prof. dr Ivica Ragu\u017e (Katoli\u010dki bogoslovni fakultet u \u0110akovu,Chorwacja), &hellip; <a href=\"https:\/\/communio.pl\/?page_id=193\" class=\"more-link\">Czytaj dalej<span class=\"screen-reader-text\"> RADA NAUKOWA \/ ADVISORY BOARD COMMUNIO<\/span><\/a><\/p>\n","protected":false},"author":1,"featured_media":0,"parent":0,"menu_order":0,"comment_status":"closed","ping_status":"closed","template":"","meta":[],"_links":{"self":[{"href":"https:\/\/communio.pl\/index.php?rest_route=\/wp\/v2\/pages\/193"}],"collection":[{"href":"https:\/\/communio.pl\/index.php?rest_route=\/wp\/v2\/pages"}],"about":[{"href":"https:\/\/communio.pl\/index.php?rest_route=\/wp\/v2\/types\/page"}],"author":[{"embeddable":true,"href":"https:\/\/communio.pl\/index.php?rest_route=\/wp\/v2\/users\/1"}],"replies":[{"embeddable":true,"href":"https:\/\/communio.pl\/index.php?rest_route=%2Fwp%2Fv2%2Fcomments&post=193"}],"version-history":[{"count":5,"href":"https:\/\/communio.pl\/index.php?rest_route=\/wp\/v2\/pages\/193\/revisions"}],"predecessor-version":[{"id":1668,"href":"https:\/\/communio.pl\/index.php?rest_route=\/wp\/v2\/pages\/193\/revisions\/1668"}],"wp:attachment":[{"href":"https:\/\/communio.pl\/index.php?rest_route=%2Fwp%2Fv2%2Fmedia&parent=193"}],"curies":[{"name":"wp","href":"https:\/\/api.w.org\/{rel}","templated":true}]}}